{"id":2525,"date":"2020-07-21T15:36:11","date_gmt":"2020-07-21T15:36:11","guid":{"rendered":"https:\/\/starmed.care\/vitamina-d\/"},"modified":"2022-11-30T13:50:25","modified_gmt":"2022-11-30T18:50:25","slug":"vitamina-d","status":"publish","type":"page","link":"https:\/\/starmed.care\/es\/vitamina-d\/","title":{"rendered":"Vitamina D"},"content":{"rendered":"\t\t<div data-elementor-type=\"wp-page\" data-elementor-id=\"2525\" class=\"elementor elementor-2525\" data-elementor-post-type=\"page\">\n\t\t\t\t\t\t<section class=\"elementor-section elementor-top-section elementor-element elementor-element-be72890 elementor-section-boxed elementor-section-height-default elementor-section-height-default\" data-id=\"be72890\" data-element_type=\"section\" data-settings=\"{&quot;background_background&quot;:&quot;classic&quot;}\">\n\t\t\t\t\t\t\t<div class=\"elementor-background-overlay\"><\/div>\n\t\t\t\t\t\t\t<div class=\"elementor-container elementor-column-gap-default\">\n\t\t\t\t\t<div class=\"elementor-column elementor-col-100 elementor-top-column elementor-element elementor-element-612c751\" data-id=\"612c751\" data-element_type=\"column\">\n\t\t\t<div class=\"elementor-widget-wrap elementor-element-populated\">\n\t\t\t\t\t\t<div class=\"elementor-element elementor-element-f1fe11b elementor-widget elementor-widget-heading\" data-id=\"f1fe11b\" data-element_type=\"widget\" data-widget_type=\"heading.default\">\n\t\t\t\t<div class=\"elementor-widget-container\">\n\t\t\t<h2 class=\"elementor-heading-title elementor-size-small\">Inyecciones de vitamina D: Protecci\u00f3n contra COVID-19<\/h2>\t\t<\/div>\n\t\t\t\t<\/div>\n\t\t\t\t<div class=\"elementor-element elementor-element-a43149c elementor-widget elementor-widget-text-editor\" data-id=\"a43149c\" data-element_type=\"widget\" data-widget_type=\"text-editor.default\">\n\t\t\t\t<div class=\"elementor-widget-container\">\n\t\t\t\t\t\t\t<p class=\"p1\">La vitamina D aumenta la defensa natural de su cuerpo contra virus y bacterias. Tambi\u00e9n puede ayudar a prevenir una respuesta inflamatoria exagerada, que se ha demostrado que contribuye a la enfermedad grave en algunas personas con COVID-19.<\/p>\n\t\t\t\t\t\t<\/div>\n\t\t\t\t<\/div>\n\t\t\t\t\t<\/div>\n\t\t<\/div>\n\t\t\t\t\t<\/div>\n\t\t<\/section>\n\t\t\t\t<section class=\"elementor-section elementor-top-section elementor-element elementor-element-c6f4bb4 elementor-section-boxed elementor-section-height-default elementor-section-height-default\" data-id=\"c6f4bb4\" data-element_type=\"section\" data-settings=\"{&quot;background_background&quot;:&quot;classic&quot;}\">\n\t\t\t\t\t\t\t<div class=\"elementor-background-overlay\"><\/div>\n\t\t\t\t\t\t\t<div class=\"elementor-container elementor-column-gap-default\">\n\t\t\t\t\t<div class=\"elementor-column elementor-col-100 elementor-top-column elementor-element elementor-element-c9d933a\" data-id=\"c9d933a\" data-element_type=\"column\">\n\t\t\t<div class=\"elementor-widget-wrap elementor-element-populated\">\n\t\t\t\t\t\t<div class=\"elementor-element elementor-element-93f88aa elementor-blockquote--skin-quotation elementor-blockquote--button-color-official elementor-widget elementor-widget-blockquote\" data-id=\"93f88aa\" data-element_type=\"widget\" data-widget_type=\"blockquote.default\">\n\t\t\t\t<div class=\"elementor-widget-container\">\n\t\t\t\t\t<blockquote class=\"elementor-blockquote\">\n\t\t\t<p class=\"elementor-blockquote__content\">\n\t\t\t\tLa vitamina D es importante para la funci\u00f3n del sistema inmunitario y suplementos de vitamina D se han demostrado previamente para reducir el riesgo de infecciones virales del tracto respiratorio. Nuestro an\u00e1lisis estad\u00edstico sugiere que esto puede ser cierto para la infecci\u00f3n COVID-19.\t\t\t<\/p>\n\t\t\t\t\t\t\t<div class=\"e-q-footer\">\n\t\t\t\t\t\t\t\t\t\t\t<cite class=\"elementor-blockquote__author\">David Meltzer, MD, PhD | Chief of Hospital Medicine at UChicago Medicine<\/cite>\n\t\t\t\t\t\t\t\t\t\t\t\t\t\t<\/div>\n\t\t\t\t\t<\/blockquote>\n\t\t\t\t<\/div>\n\t\t\t\t<\/div>\n\t\t\t\t\t<\/div>\n\t\t<\/div>\n\t\t\t\t\t<\/div>\n\t\t<\/section>\n\t\t\t\t<section class=\"elementor-section elementor-top-section elementor-element elementor-element-0b9b815 elementor-section-boxed elementor-section-height-default elementor-section-height-default\" data-id=\"0b9b815\" data-element_type=\"section\">\n\t\t\t\t\t\t<div class=\"elementor-container elementor-column-gap-default\">\n\t\t\t\t\t<div class=\"elementor-column elementor-col-100 elementor-top-column elementor-element elementor-element-2d94aa8\" data-id=\"2d94aa8\" data-element_type=\"column\">\n\t\t\t<div class=\"elementor-widget-wrap elementor-element-populated\">\n\t\t\t\t\t\t<div class=\"elementor-element elementor-element-7b1100b elementor-widget elementor-widget-heading\" data-id=\"7b1100b\" data-element_type=\"widget\" data-widget_type=\"heading.default\">\n\t\t\t\t<div class=\"elementor-widget-container\">\n\t\t\t<h2 class=\"elementor-heading-title elementor-size-default\">La vitamina D es muy importante en la funci\u00f3n de nuestro cuerpo. La investigaci\u00f3n muestra que nos protege contra una serie de problemas de salud.  <\/h2>\t\t<\/div>\n\t\t\t\t<\/div>\n\t\t\t\t<div class=\"elementor-element elementor-element-8fc69e0 elementor-widget elementor-widget-heading\" data-id=\"8fc69e0\" data-element_type=\"widget\" data-widget_type=\"heading.default\">\n\t\t\t\t<div class=\"elementor-widget-container\">\n\t\t\t<h2 class=\"elementor-heading-title elementor-size-default\">La vitamina D baja se ha asociado con lo siguiente:<\/h2>\t\t<\/div>\n\t\t\t\t<\/div>\n\t\t\t\t<div class=\"elementor-element elementor-element-ca78626 elementor-icon-list--layout-traditional elementor-list-item-link-full_width elementor-widget elementor-widget-icon-list\" data-id=\"ca78626\" data-element_type=\"widget\" data-widget_type=\"icon-list.default\">\n\t\t\t\t<div class=\"elementor-widget-container\">\n\t\t\t\t\t<ul class=\"elementor-icon-list-items\">\n\t\t\t\t\t\t\t<li class=\"elementor-icon-list-item\">\n\t\t\t\t\t\t\t\t\t\t\t<span class=\"elementor-icon-list-icon\">\n\t\t\t\t\t\t\t<i aria-hidden=\"true\" class=\"fas fa-dot-circle\"><\/i>\t\t\t\t\t\t<\/span>\n\t\t\t\t\t\t\t\t\t\t<span class=\"elementor-icon-list-text\">Mayor riesgo de muerte por enfermedad cardiovascular<\/span>\n\t\t\t\t\t\t\t\t\t<\/li>\n\t\t\t\t\t\t\t\t<li class=\"elementor-icon-list-item\">\n\t\t\t\t\t\t\t\t\t\t\t<span class=\"elementor-icon-list-icon\">\n\t\t\t\t\t\t\t<i aria-hidden=\"true\" class=\"fas fa-dot-circle\"><\/i>\t\t\t\t\t\t<\/span>\n\t\t\t\t\t\t\t\t\t\t<span class=\"elementor-icon-list-text\">Deterioro cognitivo en adultos mayores<\/span>\n\t\t\t\t\t\t\t\t\t<\/li>\n\t\t\t\t\t\t\t\t<li class=\"elementor-icon-list-item\">\n\t\t\t\t\t\t\t\t\t\t\t<span class=\"elementor-icon-list-icon\">\n\t\t\t\t\t\t\t<i aria-hidden=\"true\" class=\"fas fa-dot-circle\"><\/i>\t\t\t\t\t\t<\/span>\n\t\t\t\t\t\t\t\t\t\t<span class=\"elementor-icon-list-text\">Asma grave en ni\u00f1os<\/span>\n\t\t\t\t\t\t\t\t\t<\/li>\n\t\t\t\t\t\t\t\t<li class=\"elementor-icon-list-item\">\n\t\t\t\t\t\t\t\t\t\t\t<span class=\"elementor-icon-list-icon\">\n\t\t\t\t\t\t\t<i aria-hidden=\"true\" class=\"fas fa-dot-circle\"><\/i>\t\t\t\t\t\t<\/span>\n\t\t\t\t\t\t\t\t\t\t<span class=\"elementor-icon-list-text\">C\u00e1ncer de colon, pr\u00f3stata y mama<\/span>\n\t\t\t\t\t\t\t\t\t<\/li>\n\t\t\t\t\t\t\t\t<li class=\"elementor-icon-list-item\">\n\t\t\t\t\t\t\t\t\t\t\t<span class=\"elementor-icon-list-icon\">\n\t\t\t\t\t\t\t<i aria-hidden=\"true\" class=\"fas fa-dot-circle\"><\/i>\t\t\t\t\t\t<\/span>\n\t\t\t\t\t\t\t\t\t\t<span class=\"elementor-icon-list-text\">Malos resultados en la infecci\u00f3n por COVID-19 y otras infecciones virales<\/span>\n\t\t\t\t\t\t\t\t\t<\/li>\n\t\t\t\t\t\t\t\t<li class=\"elementor-icon-list-item\">\n\t\t\t\t\t\t\t\t\t\t\t<span class=\"elementor-icon-list-icon\">\n\t\t\t\t\t\t\t<i aria-hidden=\"true\" class=\"fas fa-dot-circle\"><\/i>\t\t\t\t\t\t<\/span>\n\t\t\t\t\t\t\t\t\t\t<span class=\"elementor-icon-list-text\">Diabetes<\/span>\n\t\t\t\t\t\t\t\t\t<\/li>\n\t\t\t\t\t\t\t\t<li class=\"elementor-icon-list-item\">\n\t\t\t\t\t\t\t\t\t\t\t<span class=\"elementor-icon-list-icon\">\n\t\t\t\t\t\t\t<i aria-hidden=\"true\" class=\"fas fa-dot-circle\"><\/i>\t\t\t\t\t\t<\/span>\n\t\t\t\t\t\t\t\t\t\t<span class=\"elementor-icon-list-text\">Esclerosis m\u00faltiple<\/span>\n\t\t\t\t\t\t\t\t\t<\/li>\n\t\t\t\t\t\t\t\t<li class=\"elementor-icon-list-item\">\n\t\t\t\t\t\t\t\t\t\t\t<span class=\"elementor-icon-list-icon\">\n\t\t\t\t\t\t\t<i aria-hidden=\"true\" class=\"fas fa-dot-circle\"><\/i>\t\t\t\t\t\t<\/span>\n\t\t\t\t\t\t\t\t\t\t<span class=\"elementor-icon-list-text\">Ansiedad y depresi\u00f3n  <\/span>\n\t\t\t\t\t\t\t\t\t<\/li>\n\t\t\t\t\t\t<\/ul>\n\t\t\t\t<\/div>\n\t\t\t\t<\/div>\n\t\t\t\t<div class=\"elementor-element elementor-element-b2e5bfc elementor-widget elementor-widget-text-editor\" data-id=\"b2e5bfc\" data-element_type=\"widget\" data-widget_type=\"text-editor.default\">\n\t\t\t\t<div class=\"elementor-widget-container\">\n\t\t\t\t\t\t\t<p>Normalmente, la vitamina D se puede encontrar en alimentos como el pescado, la leche, las yemas de huevo y los cereales.<\/p>\n<p>La luz solar es una gran fuente de vitamina D, pero las personas de piel clara y las que son m\u00e1s j\u00f3venes convierten la luz solar en vitamina D mucho mejor que las que son de piel m\u00e1s oscura y mayores de 50 a\u00f1os. Durante las temporadas de invierno, obtener suficiente exposici\u00f3n a la vitamina D se vuelve mucho m\u00e1s dif\u00edcil.<\/p>\n\t\t\t\t\t\t<\/div>\n\t\t\t\t<\/div>\n\t\t\t\t\t<\/div>\n\t\t<\/div>\n\t\t\t\t\t<\/div>\n\t\t<\/section>\n\t\t\t\t<section class=\"elementor-section elementor-top-section elementor-element elementor-element-9dbec7f elementor-section-boxed elementor-section-height-default elementor-section-height-default\" data-id=\"9dbec7f\" data-element_type=\"section\">\n\t\t\t\t\t\t<div class=\"elementor-container elementor-column-gap-default\">\n\t\t\t\t\t<div class=\"elementor-column elementor-col-100 elementor-top-column elementor-element elementor-element-23266b8\" data-id=\"23266b8\" data-element_type=\"column\">\n\t\t\t<div class=\"elementor-widget-wrap elementor-element-populated\">\n\t\t\t\t\t\t<div class=\"elementor-element elementor-element-202b13f elementor-widget elementor-widget-heading\" data-id=\"202b13f\" data-element_type=\"widget\" data-widget_type=\"heading.default\">\n\t\t\t\t<div class=\"elementor-widget-container\">\n\t\t\t<h2 class=\"elementor-heading-title elementor-size-default\">\u00bfC\u00f3mo me hacen una inyecci\u00f3n?<\/h2>\t\t<\/div>\n\t\t\t\t<\/div>\n\t\t\t\t<div class=\"elementor-element elementor-element-fd0fcd2 elementor-widget elementor-widget-text-editor\" data-id=\"fd0fcd2\" data-element_type=\"widget\" data-widget_type=\"text-editor.default\">\n\t\t\t\t<div class=\"elementor-widget-container\">\n\t\t\t\t\t\t\t<p>Inyecciones de vitamina D se han utilizado durante d\u00e9cadas. StarMed ofrece <strong>inyecciones GRATUITAS<\/strong> en nuestra ubicaci\u00f3n de 4001 Tuckaseegee drive thru.<\/p>\n<p>La inyecci\u00f3n generalmente se administra en el hombro\/brazo, pero dependiendo de su anatom\u00eda puede tener que ocurrir en la regi\u00f3n gl\u00fatea o del muslo.<\/p>\n\t\t\t\t\t\t<\/div>\n\t\t\t\t<\/div>\n\t\t\t\t\t<\/div>\n\t\t<\/div>\n\t\t\t\t\t<\/div>\n\t\t<\/section>\n\t\t\t\t<section class=\"elementor-section elementor-top-section elementor-element elementor-element-95ba262 elementor-section-boxed elementor-section-height-default elementor-section-height-default\" data-id=\"95ba262\" data-element_type=\"section\">\n\t\t\t\t\t\t<div class=\"elementor-container elementor-column-gap-default\">\n\t\t\t\t\t<div class=\"elementor-column elementor-col-100 elementor-top-column elementor-element elementor-element-3948424\" data-id=\"3948424\" data-element_type=\"column\">\n\t\t\t<div class=\"elementor-widget-wrap elementor-element-populated\">\n\t\t\t\t\t\t<div class=\"elementor-element elementor-element-f41998b elementor-widget elementor-widget-heading\" data-id=\"f41998b\" data-element_type=\"widget\" data-widget_type=\"heading.default\">\n\t\t\t\t<div class=\"elementor-widget-container\">\n\t\t\t<h2 class=\"elementor-heading-title elementor-size-default\">\u00bfCu\u00e1nto cuesta?<\/h2>\t\t<\/div>\n\t\t\t\t<\/div>\n\t\t\t\t<div class=\"elementor-element elementor-element-902dc8b elementor-widget elementor-widget-text-editor\" data-id=\"902dc8b\" data-element_type=\"widget\" data-widget_type=\"text-editor.default\">\n\t\t\t\t<div class=\"elementor-widget-container\">\n\t\t\t\t\t\t\t<p>Queremos que est\u00e9 sano y seguro y estamos ofreciendo <strong>inyecciones GRATUITAS<\/strong> al p\u00fablico en general. No se le cobrar\u00e1.<\/p>\n\t\t\t\t\t\t<\/div>\n\t\t\t\t<\/div>\n\t\t\t\t\t<\/div>\n\t\t<\/div>\n\t\t\t\t\t<\/div>\n\t\t<\/section>\n\t\t\t\t<section class=\"elementor-section elementor-top-section elementor-element elementor-element-13765bf elementor-section-boxed elementor-section-height-default elementor-section-height-default\" data-id=\"13765bf\" data-element_type=\"section\">\n\t\t\t\t\t\t<div class=\"elementor-container elementor-column-gap-default\">\n\t\t\t\t\t<div class=\"elementor-column elementor-col-100 elementor-top-column elementor-element elementor-element-749ca84\" data-id=\"749ca84\" data-element_type=\"column\">\n\t\t\t<div class=\"elementor-widget-wrap elementor-element-populated\">\n\t\t\t\t\t\t<div class=\"elementor-element elementor-element-f96a393 elementor-widget elementor-widget-heading\" data-id=\"f96a393\" data-element_type=\"widget\" data-widget_type=\"heading.default\">\n\t\t\t\t<div class=\"elementor-widget-container\">\n\t\t\t<h2 class=\"elementor-heading-title elementor-size-default\">Pautas de dosificaci\u00f3n para ni\u00f1os y adultos:<\/h2>\t\t<\/div>\n\t\t\t\t<\/div>\n\t\t\t\t<div class=\"elementor-element elementor-element-1e34464 elementor-icon-list--layout-traditional elementor-list-item-link-full_width elementor-widget elementor-widget-icon-list\" data-id=\"1e34464\" data-element_type=\"widget\" data-widget_type=\"icon-list.default\">\n\t\t\t\t<div class=\"elementor-widget-container\">\n\t\t\t\t\t<ul class=\"elementor-icon-list-items\">\n\t\t\t\t\t\t\t<li class=\"elementor-icon-list-item\">\n\t\t\t\t\t\t\t\t\t\t\t<span class=\"elementor-icon-list-icon\">\n\t\t\t\t\t\t\t<i aria-hidden=\"true\" class=\"fas fa-dot-circle\"><\/i>\t\t\t\t\t\t<\/span>\n\t\t\t\t\t\t\t\t\t\t<span class=\"elementor-icon-list-text\">Dependiendo de su tama\u00f1o y edad, los ni\u00f1os pueden recibir 50.000 UI de vitamina D3 por inyecci\u00f3n<\/span>\n\t\t\t\t\t\t\t\t\t<\/li>\n\t\t\t\t\t\t\t\t<li class=\"elementor-icon-list-item\">\n\t\t\t\t\t\t\t\t\t\t\t<span class=\"elementor-icon-list-icon\">\n\t\t\t\t\t\t\t<i aria-hidden=\"true\" class=\"fas fa-dot-circle\"><\/i>\t\t\t\t\t\t<\/span>\n\t\t\t\t\t\t\t\t\t\t<span class=\"elementor-icon-list-text\">Los adultos pueden recibir 100.000 UI de vitamina D3 por inyecci\u00f3n<\/span>\n\t\t\t\t\t\t\t\t\t<\/li>\n\t\t\t\t\t\t<\/ul>\n\t\t\t\t<\/div>\n\t\t\t\t<\/div>\n\t\t\t\t\t<\/div>\n\t\t<\/div>\n\t\t\t\t\t<\/div>\n\t\t<\/section>\n\t\t\t\t<section class=\"elementor-section elementor-top-section elementor-element elementor-element-7970cd9 elementor-section-boxed elementor-section-height-default elementor-section-height-default\" data-id=\"7970cd9\" data-element_type=\"section\">\n\t\t\t\t\t\t<div class=\"elementor-container elementor-column-gap-default\">\n\t\t\t\t\t<div class=\"elementor-column elementor-col-100 elementor-top-column elementor-element elementor-element-5dc9f7c\" data-id=\"5dc9f7c\" data-element_type=\"column\">\n\t\t\t<div class=\"elementor-widget-wrap elementor-element-populated\">\n\t\t\t\t\t\t<div class=\"elementor-element elementor-element-aca7091 elementor-widget elementor-widget-heading\" data-id=\"aca7091\" data-element_type=\"widget\" data-widget_type=\"heading.default\">\n\t\t\t\t<div class=\"elementor-widget-container\">\n\t\t\t<h2 class=\"elementor-heading-title elementor-size-default\">Obt\u00e9n m\u00e1s informaci\u00f3n sobre la vitamina D y su potencial:<\/h2>\t\t<\/div>\n\t\t\t\t<\/div>\n\t\t\t\t<div class=\"elementor-element elementor-element-4d19cd7 elementor-widget elementor-widget-text-editor\" data-id=\"4d19cd7\" data-element_type=\"widget\" data-widget_type=\"text-editor.default\">\n\t\t\t\t<div class=\"elementor-widget-container\">\n\t\t\t\t\t\t\t<p>Siga este enlace para ver al Dr. JoAnn Manson de la Escuela de Medicina de Harvard discutir la vitamina D y es potencial para ayudar en la lucha contra COVID-19.<\/p>\n\t\t\t\t\t\t<\/div>\n\t\t\t\t<\/div>\n\t\t\t\t<div class=\"elementor-element elementor-element-51445aa elementor-widget elementor-widget-image\" data-id=\"51445aa\" data-element_type=\"widget\" data-widget_type=\"image.default\">\n\t\t\t\t<div class=\"elementor-widget-container\">\n\t\t\t\t\t\t\t\t\t\t\t\t\t\t<a href=\"https:\/\/www.medscape.com\/viewarticle\/930152\" target=\"_blank\">\n\t\t\t\t\t\t\t<img fetchpriority=\"high\" decoding=\"async\" width=\"691\" height=\"423\" src=\"https:\/\/starmed.care\/wp-content\/uploads\/2020\/07\/dr-manson.png\" class=\"attachment-large size-large wp-image-2521\" alt=\"\" srcset=\"https:\/\/starmed.care\/wp-content\/uploads\/2020\/07\/dr-manson.png 691w, https:\/\/starmed.care\/wp-content\/uploads\/2020\/07\/dr-manson-300x184.png 300w\" sizes=\"(max-width: 691px) 100vw, 691px\" \/>\t\t\t\t\t\t\t\t<\/a>\n\t\t\t\t\t\t\t\t\t\t\t\t\t<\/div>\n\t\t\t\t<\/div>\n\t\t\t\t\t<\/div>\n\t\t<\/div>\n\t\t\t\t\t<\/div>\n\t\t<\/section>\n\t\t\t\t<section class=\"elementor-section elementor-top-section elementor-element elementor-element-06803f6 elementor-section-boxed elementor-section-height-default elementor-section-height-default\" data-id=\"06803f6\" data-element_type=\"section\">\n\t\t\t\t\t\t<div class=\"elementor-container elementor-column-gap-default\">\n\t\t\t\t\t<div class=\"elementor-column elementor-col-100 elementor-top-column elementor-element elementor-element-25f7ade\" data-id=\"25f7ade\" data-element_type=\"column\">\n\t\t\t<div class=\"elementor-widget-wrap elementor-element-populated\">\n\t\t\t\t\t\t<div class=\"elementor-element elementor-element-3ca51a3 elementor-widget elementor-widget-heading\" data-id=\"3ca51a3\" data-element_type=\"widget\" data-widget_type=\"heading.default\">\n\t\t\t\t<div class=\"elementor-widget-container\">\n\t\t\t<h2 class=\"elementor-heading-title elementor-size-default\">Investigaci\u00f3n adicional<\/h2>\t\t<\/div>\n\t\t\t\t<\/div>\n\t\t\t\t<div class=\"elementor-element elementor-element-3336ce5 elementor-widget elementor-widget-text-editor\" data-id=\"3336ce5\" data-element_type=\"widget\" data-widget_type=\"text-editor.default\">\n\t\t\t\t<div class=\"elementor-widget-container\">\n\t\t\t\t\t\t\t<p>La deficiencia de vitamina D puede aumentar el riesgo de contraer <i>la medicina de la Universidad de Chicago<\/i> <a href=\"https:\/\/www.uchicagomedicine.org\/forefront\/coronavirus-disease-covid-19\/vitamin-d-deficiency-may-raise-risk-of-getting-covid19\" target=\"_blank\" rel=\"noopener\"><b>COVID-19<\/b><\/p>\n<p><\/a><\/p>\n\t\t\t\t\t\t<\/div>\n\t\t\t\t<\/div>\n\t\t\t\t<div class=\"elementor-element elementor-element-69f1bf4 elementor-widget elementor-widget-text-editor\" data-id=\"69f1bf4\" data-element_type=\"widget\" data-widget_type=\"text-editor.default\">\n\t\t\t\t<div class=\"elementor-widget-container\">\n\t\t\t\t\t\t\t<p><strong><a href=\"https:\/\/www.ncbi.nlm.nih.gov\/pmc\/articles\/PMC7276229\/\" target=\"_blank\" rel=\"noopener\">Deficiencia de vitamina D y comobilidades en pacientes CON COVID-19 \u2013 \u00bfUna relaci\u00f3n fatal?<\/a><\/strong><a href=\"https:\/\/www.ncbi.nlm.nih.gov\/pmc\/articles\/PMC7276229\/\" target=\"_blank\" rel=\"noopener\"> <\/a><em>Centro Nacional de Informaci\u00f3n Biotecnol\u00f3gica<\/em><\/p>\n\t\t\t\t\t\t<\/div>\n\t\t\t\t<\/div>\n\t\t\t\t<div class=\"elementor-element elementor-element-c71a0fc elementor-widget elementor-widget-text-editor\" data-id=\"c71a0fc\" data-element_type=\"widget\" data-widget_type=\"text-editor.default\">\n\t\t\t\t<div class=\"elementor-widget-container\">\n\t\t\t\t\t\t\t<p><strong><a href=\"https:\/\/www.usatoday.com\/in-depth\/news\/2020\/06\/09\/vitamin-d-and-covid-19-could-low-vitamin-d-levels-affect-coronavirus\/5274331002\/\" target=\"_blank\" rel=\"noopener\">Las investigaciones muestran que la vitamina D ayuda a prevenir el s\u00edndrome de dificultad respiratoria aguda (SCA), una muestra com\u00fan en pacientes con COVID-19.<\/a><\/strong> <em>USA Today<\/em><\/p>\n\t\t\t\t\t\t<\/div>\n\t\t\t\t<\/div>\n\t\t\t\t\t<\/div>\n\t\t<\/div>\n\t\t\t\t\t<\/div>\n\t\t<\/section>\n\t\t\t\t<section class=\"elementor-section elementor-top-section elementor-element elementor-element-4c8b347c elementor-section-boxed elementor-section-height-default elementor-section-height-default\" data-id=\"4c8b347c\" data-element_type=\"section\" data-settings=\"{&quot;background_background&quot;:&quot;classic&quot;}\">\n\t\t\t\t\t\t<div class=\"elementor-container elementor-column-gap-default\">\n\t\t\t\t\t<div class=\"elementor-column elementor-col-50 elementor-top-column elementor-element elementor-element-107fe36\" data-id=\"107fe36\" data-element_type=\"column\">\n\t\t\t<div class=\"elementor-widget-wrap elementor-element-populated\">\n\t\t\t\t\t\t<div class=\"elementor-element elementor-element-20a2de82 elementor-view-default elementor-widget elementor-widget-icon\" data-id=\"20a2de82\" data-element_type=\"widget\" data-widget_type=\"icon.default\">\n\t\t\t\t<div class=\"elementor-widget-container\">\n\t\t\t\t\t<div class=\"elementor-icon-wrapper\">\n\t\t\t<div class=\"elementor-icon\">\n\t\t\t<i aria-hidden=\"true\" class=\"far fa-envelope\"><\/i>\t\t\t<\/div>\n\t\t<\/div>\n\t\t\t\t<\/div>\n\t\t\t\t<\/div>\n\t\t\t\t\t<\/div>\n\t\t<\/div>\n\t\t\t\t<div class=\"elementor-column elementor-col-50 elementor-top-column elementor-element elementor-element-14f7a23b\" data-id=\"14f7a23b\" data-element_type=\"column\">\n\t\t\t<div class=\"elementor-widget-wrap elementor-element-populated\">\n\t\t\t\t\t\t<div class=\"elementor-element elementor-element-6852e9a6 elementor-widget elementor-widget-heading\" data-id=\"6852e9a6\" data-element_type=\"widget\" data-widget_type=\"heading.default\">\n\t\t\t\t<div class=\"elementor-widget-container\">\n\t\t\t<h2 class=\"elementor-heading-title elementor-size-default\">Env\u00edenos un correo electr\u00f3nico<br><a href=\"mailto:info@starmed.care?Subject=Information%20Request\" target=\"_top\">info@starmed.care<\/a><\/h2>\t\t<\/div>\n\t\t\t\t<\/div>\n\t\t\t\t\t<\/div>\n\t\t<\/div>\n\t\t\t\t\t<\/div>\n\t\t<\/section>\n\t\t\t\t<\/div>\n\t\t","protected":false},"excerpt":{"rendered":"<p>Inyecciones de vitamina D: Protecci\u00f3n contra COVID-19 La vitamina D aumenta la defensa natural de su cuerpo contra virus y bacterias. Tambi\u00e9n puede ayudar a prevenir una respuesta inflamatoria exagerada, que se ha demostrado que contribuye a la enfermedad grave en algunas personas con COVID-19. La vitamina D es importante para la funci\u00f3n del sistema [&hellip;]<\/p>\n","protected":false},"author":1,"featured_media":0,"parent":0,"menu_order":0,"comment_status":"closed","ping_status":"closed","template":"elementor_header_footer","meta":{"footnotes":""},"folder":[],"class_list":["post-2525","page","type-page","status-publish","hentry","clearfix"],"yoast_head":"<!-- This site is optimized with the Yoast SEO plugin v23.9 - https:\/\/yoast.com\/wordpress\/plugins\/seo\/ -->\n<title>Vitamina D - StarMed Healthcare<\/title>\n<meta name=\"description\" content=\"StarMed Family &amp;Urgent Care ofrece servicios de medicina ocupacional a los empleadores para mantener los costos bajos sin comprometer la atenci\u00f3n al paciente\" \/>\n<meta name=\"robots\" content=\"index, follow, max-snippet:-1, max-image-preview:large, max-video-preview:-1\" \/>\n<link rel=\"canonical\" href=\"https:\/\/starmed.care\/es\/vitamina-d\/\" \/>\n<meta property=\"og:locale\" content=\"es_ES\" \/>\n<meta property=\"og:type\" content=\"article\" \/>\n<meta property=\"og:title\" content=\"Vitamina D - StarMed Healthcare\" \/>\n<meta property=\"og:description\" content=\"StarMed Family &amp;Urgent Care ofrece servicios de medicina ocupacional a los empleadores para mantener los costos bajos sin comprometer la atenci\u00f3n al paciente\" \/>\n<meta property=\"og:url\" content=\"https:\/\/starmed.care\/es\/vitamina-d\/\" \/>\n<meta property=\"og:site_name\" content=\"StarMed Healthcare\" \/>\n<meta property=\"article:publisher\" content=\"https:\/\/www.facebook.com\/StarMedCare\/\" \/>\n<meta property=\"article:modified_time\" content=\"2022-11-30T18:50:25+00:00\" \/>\n<meta property=\"og:image\" content=\"https:\/\/starmed.care\/wp-content\/uploads\/2020\/07\/dr-manson.png\" \/>\n<meta name=\"twitter:card\" content=\"summary_large_image\" \/>\n<meta name=\"twitter:site\" content=\"@starmedcare\" \/>\n<meta name=\"twitter:label1\" content=\"Tiempo de lectura\" \/>\n\t<meta name=\"twitter:data1\" content=\"3 minutos\" \/>\n<script type=\"application\/ld+json\" class=\"yoast-schema-graph\">{\"@context\":\"https:\/\/schema.org\",\"@graph\":[{\"@type\":\"WebPage\",\"@id\":\"https:\/\/starmed.care\/es\/vitamina-d\/\",\"url\":\"https:\/\/starmed.care\/es\/vitamina-d\/\",\"name\":\"Vitamina D - StarMed Healthcare\",\"isPartOf\":{\"@id\":\"https:\/\/starmed.care\/#website\"},\"primaryImageOfPage\":{\"@id\":\"https:\/\/starmed.care\/es\/vitamina-d\/#primaryimage\"},\"image\":{\"@id\":\"https:\/\/starmed.care\/es\/vitamina-d\/#primaryimage\"},\"thumbnailUrl\":\"https:\/\/starmed.care\/wp-content\/uploads\/2020\/07\/dr-manson.png\",\"datePublished\":\"2020-07-21T15:36:11+00:00\",\"dateModified\":\"2022-11-30T18:50:25+00:00\",\"description\":\"StarMed Family &Urgent Care ofrece servicios de medicina ocupacional a los empleadores para mantener los costos bajos sin comprometer la atenci\u00f3n al paciente\",\"breadcrumb\":{\"@id\":\"https:\/\/starmed.care\/es\/vitamina-d\/#breadcrumb\"},\"inLanguage\":\"es\",\"potentialAction\":[{\"@type\":\"ReadAction\",\"target\":[\"https:\/\/starmed.care\/es\/vitamina-d\/\"]}]},{\"@type\":\"ImageObject\",\"inLanguage\":\"es\",\"@id\":\"https:\/\/starmed.care\/es\/vitamina-d\/#primaryimage\",\"url\":\"https:\/\/starmed.care\/wp-content\/uploads\/2020\/07\/dr-manson.png\",\"contentUrl\":\"https:\/\/starmed.care\/wp-content\/uploads\/2020\/07\/dr-manson.png\"},{\"@type\":\"BreadcrumbList\",\"@id\":\"https:\/\/starmed.care\/es\/vitamina-d\/#breadcrumb\",\"itemListElement\":[{\"@type\":\"ListItem\",\"position\":1,\"name\":\"Home\",\"item\":\"https:\/\/starmed.care\/\"},{\"@type\":\"ListItem\",\"position\":2,\"name\":\"Vitamina D\"}]},{\"@type\":\"WebSite\",\"@id\":\"https:\/\/starmed.care\/#website\",\"url\":\"https:\/\/starmed.care\/\",\"name\":\"StarMed Healthcare\",\"description\":\"\",\"publisher\":{\"@id\":\"https:\/\/starmed.care\/#organization\"},\"potentialAction\":[{\"@type\":\"SearchAction\",\"target\":{\"@type\":\"EntryPoint\",\"urlTemplate\":\"https:\/\/starmed.care\/?s={search_term_string}\"},\"query-input\":{\"@type\":\"PropertyValueSpecification\",\"valueRequired\":true,\"valueName\":\"search_term_string\"}}],\"inLanguage\":\"es\"},{\"@type\":\"Organization\",\"@id\":\"https:\/\/starmed.care\/#organization\",\"name\":\"StarMed Healthcare\",\"url\":\"https:\/\/starmed.care\/\",\"logo\":{\"@type\":\"ImageObject\",\"inLanguage\":\"es\",\"@id\":\"https:\/\/starmed.care\/#\/schema\/logo\/image\/\",\"url\":\"https:\/\/starmed.care\/wp-content\/uploads\/2021\/04\/starmed-navy.png\",\"contentUrl\":\"https:\/\/starmed.care\/wp-content\/uploads\/2021\/04\/starmed-navy.png\",\"width\":350,\"height\":95,\"caption\":\"StarMed Healthcare\"},\"image\":{\"@id\":\"https:\/\/starmed.care\/#\/schema\/logo\/image\/\"},\"sameAs\":[\"https:\/\/www.facebook.com\/StarMedCare\/\",\"https:\/\/x.com\/starmedcare\",\"https:\/\/www.instagram.com\/starmedcare\/\",\"https:\/\/www.youtube.com\/channel\/UClmSeca6AkvUerbHnX0SYkg\"]}]}<\/script>\n<!-- \/ Yoast SEO plugin. -->","yoast_head_json":{"title":"Vitamina D - StarMed Healthcare","description":"StarMed Family &Urgent Care ofrece servicios de medicina ocupacional a los empleadores para mantener los costos bajos sin comprometer la atenci\u00f3n al paciente","robots":{"index":"index","follow":"follow","max-snippet":"max-snippet:-1","max-image-preview":"max-image-preview:large","max-video-preview":"max-video-preview:-1"},"canonical":"https:\/\/starmed.care\/es\/vitamina-d\/","og_locale":"es_ES","og_type":"article","og_title":"Vitamina D - StarMed Healthcare","og_description":"StarMed Family &Urgent Care ofrece servicios de medicina ocupacional a los empleadores para mantener los costos bajos sin comprometer la atenci\u00f3n al paciente","og_url":"https:\/\/starmed.care\/es\/vitamina-d\/","og_site_name":"StarMed Healthcare","article_publisher":"https:\/\/www.facebook.com\/StarMedCare\/","article_modified_time":"2022-11-30T18:50:25+00:00","og_image":[{"url":"https:\/\/starmed.care\/wp-content\/uploads\/2020\/07\/dr-manson.png"}],"twitter_card":"summary_large_image","twitter_site":"@starmedcare","twitter_misc":{"Tiempo de lectura":"3 minutos"},"schema":{"@context":"https:\/\/schema.org","@graph":[{"@type":"WebPage","@id":"https:\/\/starmed.care\/es\/vitamina-d\/","url":"https:\/\/starmed.care\/es\/vitamina-d\/","name":"Vitamina D - StarMed Healthcare","isPartOf":{"@id":"https:\/\/starmed.care\/#website"},"primaryImageOfPage":{"@id":"https:\/\/starmed.care\/es\/vitamina-d\/#primaryimage"},"image":{"@id":"https:\/\/starmed.care\/es\/vitamina-d\/#primaryimage"},"thumbnailUrl":"https:\/\/starmed.care\/wp-content\/uploads\/2020\/07\/dr-manson.png","datePublished":"2020-07-21T15:36:11+00:00","dateModified":"2022-11-30T18:50:25+00:00","description":"StarMed Family &Urgent Care ofrece servicios de medicina ocupacional a los empleadores para mantener los costos bajos sin comprometer la atenci\u00f3n al paciente","breadcrumb":{"@id":"https:\/\/starmed.care\/es\/vitamina-d\/#breadcrumb"},"inLanguage":"es","potentialAction":[{"@type":"ReadAction","target":["https:\/\/starmed.care\/es\/vitamina-d\/"]}]},{"@type":"ImageObject","inLanguage":"es","@id":"https:\/\/starmed.care\/es\/vitamina-d\/#primaryimage","url":"https:\/\/starmed.care\/wp-content\/uploads\/2020\/07\/dr-manson.png","contentUrl":"https:\/\/starmed.care\/wp-content\/uploads\/2020\/07\/dr-manson.png"},{"@type":"BreadcrumbList","@id":"https:\/\/starmed.care\/es\/vitamina-d\/#breadcrumb","itemListElement":[{"@type":"ListItem","position":1,"name":"Home","item":"https:\/\/starmed.care\/"},{"@type":"ListItem","position":2,"name":"Vitamina D"}]},{"@type":"WebSite","@id":"https:\/\/starmed.care\/#website","url":"https:\/\/starmed.care\/","name":"StarMed Healthcare","description":"","publisher":{"@id":"https:\/\/starmed.care\/#organization"},"potentialAction":[{"@type":"SearchAction","target":{"@type":"EntryPoint","urlTemplate":"https:\/\/starmed.care\/?s={search_term_string}"},"query-input":{"@type":"PropertyValueSpecification","valueRequired":true,"valueName":"search_term_string"}}],"inLanguage":"es"},{"@type":"Organization","@id":"https:\/\/starmed.care\/#organization","name":"StarMed Healthcare","url":"https:\/\/starmed.care\/","logo":{"@type":"ImageObject","inLanguage":"es","@id":"https:\/\/starmed.care\/#\/schema\/logo\/image\/","url":"https:\/\/starmed.care\/wp-content\/uploads\/2021\/04\/starmed-navy.png","contentUrl":"https:\/\/starmed.care\/wp-content\/uploads\/2021\/04\/starmed-navy.png","width":350,"height":95,"caption":"StarMed Healthcare"},"image":{"@id":"https:\/\/starmed.care\/#\/schema\/logo\/image\/"},"sameAs":["https:\/\/www.facebook.com\/StarMedCare\/","https:\/\/x.com\/starmedcare","https:\/\/www.instagram.com\/starmedcare\/","https:\/\/www.youtube.com\/channel\/UClmSeca6AkvUerbHnX0SYkg"]}]}},"_links":{"self":[{"href":"https:\/\/starmed.care\/es\/wp-json\/wp\/v2\/pages\/2525","targetHints":{"allow":["GET"]}}],"collection":[{"href":"https:\/\/starmed.care\/es\/wp-json\/wp\/v2\/pages"}],"about":[{"href":"https:\/\/starmed.care\/es\/wp-json\/wp\/v2\/types\/page"}],"author":[{"embeddable":true,"href":"https:\/\/starmed.care\/es\/wp-json\/wp\/v2\/users\/1"}],"replies":[{"embeddable":true,"href":"https:\/\/starmed.care\/es\/wp-json\/wp\/v2\/comments?post=2525"}],"version-history":[{"count":0,"href":"https:\/\/starmed.care\/es\/wp-json\/wp\/v2\/pages\/2525\/revisions"}],"wp:attachment":[{"href":"https:\/\/starmed.care\/es\/wp-json\/wp\/v2\/media?parent=2525"}],"wp:term":[{"taxonomy":"folder","embeddable":true,"href":"https:\/\/starmed.care\/es\/wp-json\/wp\/v2\/folder?post=2525"}],"curies":[{"name":"wp","href":"https:\/\/api.w.org\/{rel}","templated":true}]}}